{"id":211,"date":"2026-02-27T21:50:35","date_gmt":"2026-02-27T20:50:35","guid":{"rendered":"https:\/\/apartehotel.com\/?page_id=211"},"modified":"2026-03-22T17:05:30","modified_gmt":"2026-03-22T16:05:30","slug":"mentions-legales","status":"publish","type":"page","link":"https:\/\/apartehotel.com\/en\/mentions-legales\/","title":{"rendered":"Legal Notice"},"content":{"rendered":"<p>[et_pb_section fb_built=\u00a0\u00bb1&Prime; _builder_version=\u00a0\u00bb4.27.5&Prime; _module_preset=\u00a0\u00bbdefault\u00a0\u00bb global_colors_info=\u00a0\u00bb{}\u00a0\u00bb][et_pb_row _builder_version=\u00a0\u00bb4.27.5&Prime; _module_preset=\u00a0\u00bbdefault\u00a0\u00bb global_colors_info=\u00a0\u00bb{}\u00a0\u00bb][et_pb_column type=\u00a0\u00bb4_4&Prime; _builder_version=\u00a0\u00bb4.27.5&Prime; _module_preset=\u00a0\u00bbdefault\u00a0\u00bb global_colors_info=\u00a0\u00bb{}\u00a0\u00bb][et_pb_text _builder_version=\u00a0\u00bb4.27.5&Prime; _module_preset=\u00a0\u00bbb327cbe4-b1d5-4b66-ad37-40c8f2f061ba\u00a0\u00bb header_2_font=\u00a0\u00bbManrope|700|||||||\u00a0\u00bb header_2_text_color=\u00a0\u00bb#232027&Prime; header_2_font_size=\u00a0\u00bb48px\u00a0\u00bb header_2_line_height=\u00a0\u00bb1.2em\u00a0\u00bb header_2_font_size_tablet=\u00a0\u00bb32px\u00a0\u00bb header_2_font_size_phone=\u00a0\u00bb20px\u00a0\u00bb header_2_font_size_last_edited=\u00a0\u00bbon|desktop\u00a0\u00bb locked=\u00a0\u00bboff\u00a0\u00bb global_colors_info=\u00a0\u00bb{}\u00a0\u00bb]<\/p>\n<h2 data-path-to-node=\"2\">Mentions L\u00e9gales<\/h2>\n<h3 data-path-to-node=\"3\"><\/h3>\n<p>[\/et_pb_text][et_pb_text _builder_version=\u00a0\u00bb4.27.6&Prime; _module_preset=\u00a0\u00bb4c43b4b6-66bf-432d-959a-705bda24a650&Prime; text_font=\u00a0\u00bbOpen Sans||||||||\u00a0\u00bb text_text_color=\u00a0\u00bb#232027&Prime; text_font_size=\u00a0\u00bb16px\u00a0\u00bb text_line_height=\u00a0\u00bb1.8em\u00a0\u00bb link_text_color=\u00a0\u00bb#666666&Prime; text_orientation=\u00a0\u00bbcenter\u00a0\u00bb hover_enabled=\u00a0\u00bb0&Prime; text_font_size_tablet=\u00a0\u00bb15px\u00a0\u00bb text_font_size_phone=\u00a0\u00bb14px\u00a0\u00bb text_font_size_last_edited=\u00a0\u00bbon|phone\u00a0\u00bb locked=\u00a0\u00bboff\u00a0\u00bb global_colors_info=\u00a0\u00bb{}\u00a0\u00bb sticky_enabled=\u00a0\u00bb0&Prime;]<\/p>\n<h3 data-path-to-node=\"3\" style=\"text-align: left;\"><strong>1. \u00c9diteur du site<\/strong><\/h3>\n<p data-path-to-node=\"4\" style=\"text-align: left;\">Le pr\u00e9sent site, accessible \u00e0 l\u2019URL <b data-path-to-node=\"4\" data-index-in-node=\"36\"><response-element class=\"\" ng-version=\"0.0.0-PLACEHOLDER\"> <link-block _nghost-ng-c815091819=\"\" class=\"ng-star-inserted\"><a _ngcontent-ng-c815091819=\"\" target=\"_blank\" rel=\"noopener\" externallink=\"\" _nghost-ng-c461607764=\"\" jslog=\"197247;track:generic_click,impression,attention;BardVeMetadataKey:[[&quot;r_57f86ff90982a943&quot;,&quot;c_faa7d6d26a0cf986&quot;,null,&quot;rc_c56e7a5030f02a95&quot;,null,null,&quot;fr&quot;,null,1,null,null,1,0]]\" href=\"https:\/\/www.apartehotel.com\" class=\"ng-star-inserted\" data-hveid=\"0\" decode-data-ved=\"1\" data-ved=\"0CAAQ_4QMahgKEwjavP-Xz_mSAxUAAAAAHQAAAAAQ3QY\">www.apartehotel.com<\/a><\/link-block><\/response-element><\/b>, est \u00e9dit\u00e9 par : <b data-path-to-node=\"4\" data-index-in-node=\"73\">La SARL du Bailly<\/b>, soci\u00e9t\u00e9 au capital de 2000 \u20ac, inscrite au R.C.S. de <strong>Dijon<\/strong> sous le num\u00e9ro<strong> 524 509 742.<\/strong><\/p>\n<ul data-path-to-node=\"5\" style=\"text-align: left;\">\n<li>\n<p data-path-to-node=\"5,0,0\"><b data-path-to-node=\"5,0,0\" data-index-in-node=\"0\">Si\u00e8ge social<\/b> : 18 rue Jean Moulin, 21300 Chen\u00f4ve.<\/p>\n<\/li>\n<li>\n<p data-path-to-node=\"5,1,0\"><b data-path-to-node=\"5,1,0\" data-index-in-node=\"0\">Num\u00e9ro de TVA intracommunautaire<\/b> : FR88524509742<\/p>\n<\/li>\n<li>\n<p data-path-to-node=\"5,2,0\"><b data-path-to-node=\"5,2,0\" data-index-in-node=\"0\">T\u00e9l\u00e9phone<\/b> : +33 (0)7 63 57 43 32.<\/p>\n<\/li>\n<li>\n<p data-path-to-node=\"5,3,0\"><b data-path-to-node=\"5,3,0\" data-index-in-node=\"0\">Directeur de la publication<\/b> : M. Khalid El Bakkoury.<\/p>\n<\/li>\n<\/ul>\n<h3 data-path-to-node=\"6\" style=\"text-align: left;\"><strong>2. H\u00e9bergement du site<\/strong><\/h3>\n<p data-path-to-node=\"7\" style=\"text-align: left;\">Le site est h\u00e9berg\u00e9 par la soci\u00e9t\u00e9 <b data-path-to-node=\"7\" data-index-in-node=\"35\">OVH SAS<\/b> :<\/p>\n<ul data-path-to-node=\"8\" style=\"text-align: left;\">\n<li>\n<p data-path-to-node=\"8,0,0\"><b data-path-to-node=\"8,0,0\" data-index-in-node=\"0\">Adresse<\/b> : 2 rue Kellermann &#8211; 59100 Roubaix &#8211; France.<\/p>\n<\/li>\n<li>\n<p data-path-to-node=\"8,1,0\"><b data-path-to-node=\"8,1,0\" data-index-in-node=\"0\">Site web<\/b> : <response-element class=\"\" ng-version=\"0.0.0-PLACEHOLDER\"> <link-block _nghost-ng-c815091819=\"\" class=\"ng-star-inserted\"><a _ngcontent-ng-c815091819=\"\" target=\"_blank\" rel=\"noopener\" externallink=\"\" _nghost-ng-c461607764=\"\" jslog=\"197247;track:generic_click,impression,attention;BardVeMetadataKey:[[&quot;r_57f86ff90982a943&quot;,&quot;c_faa7d6d26a0cf986&quot;,null,&quot;rc_c56e7a5030f02a95&quot;,null,null,&quot;fr&quot;,null,1,null,null,1,0]]\" href=\"https:\/\/www.ovhcloud.com\" class=\"ng-star-inserted\" data-hveid=\"0\" decode-data-ved=\"1\" data-ved=\"0CAAQ_4QMahgKEwjavP-Xz_mSAxUAAAAAHQAAAAAQ3gY\">www.ovhcloud.com<\/a><\/link-block><\/response-element>.<\/p>\n<\/li>\n<\/ul>\n<h3 data-path-to-node=\"9\" style=\"text-align: left;\"><strong>3. Propri\u00e9t\u00e9 intellectuelle<\/strong><\/h3>\n<p data-path-to-node=\"10\" style=\"text-align: left;\">L\u2019ensemble du contenu de ce site (textes, images, logos, ic\u00f4nes, sons, logiciels) est la propri\u00e9t\u00e9 exclusive de la <b data-path-to-node=\"10\" data-index-in-node=\"115\">SARL du Bailly<\/b> ou de ses partenaires. Toute reproduction, repr\u00e9sentation, modification, publication ou adaptation de tout ou partie des \u00e9l\u00e9ments du site, quel que soit le moyen ou le proc\u00e9d\u00e9 utilis\u00e9, est interdite, sauf autorisation \u00e9crite pr\u00e9alable. Le logo et la marque <b data-path-to-node=\"10\" data-index-in-node=\"374\">Apart\u00e9 <\/b>sont prot\u00e9g\u00e9s au titre du droit des marques.<\/p>\n<h3 data-path-to-node=\"11\" style=\"text-align: left;\"><strong>4. Protection des donn\u00e9es personnelles (RGPD)<\/strong><\/h3>\n<p data-path-to-node=\"12\" style=\"text-align: left;\">Conform\u00e9ment au R\u00e8glement G\u00e9n\u00e9ral sur la Protection des Donn\u00e9es (RGPD), la SARL du Bailly s&rsquo;engage \u00e0 ce que la collecte et le traitement de vos donn\u00e9es, effectu\u00e9s \u00e0 partir du site (formulaire de contact, moteur de r\u00e9servation Tha\u00efs PMS), soient conformes \u00e0 la r\u00e9glementation. Les informations recueillies sont n\u00e9cessaires pour la gestion de vos r\u00e9servations et le suivi de notre relation commerciale. Vous disposez d\u2019un droit d\u2019acc\u00e8s, de rectification et d\u2019opposition aux donn\u00e9es vous concernant en \u00e9crivant \u00e0 : <b data-path-to-node=\"12\" data-index-in-node=\"512\">contact@apartehotel.com<\/b>.<\/p>\n<h3 data-path-to-node=\"13\" style=\"text-align: left;\"><strong>5. Cookies<\/strong><\/h3>\n<p data-path-to-node=\"14\" style=\"text-align: left;\">Le site utilise des cookies pour am\u00e9liorer l&rsquo;exp\u00e9rience utilisateur, r\u00e9aliser des statistiques de visites et permettre le fonctionnement du module de r\u00e9servation. Un bandeau de consentement vous permet de g\u00e9rer vos pr\u00e9f\u00e9rences lors de votre premi\u00e8re visite.<\/p>\n<h3 data-path-to-node=\"15\" style=\"text-align: left;\"><strong>6. M\u00e9diation de la consommation<\/strong><\/h3>\n<p data-path-to-node=\"16\" style=\"text-align: left;\">Conform\u00e9ment \u00e0 l\u2019article L. 612-1 du Code de la consommation, en cas de litige non r\u00e9solu par notre service client, le client peut saisir gratuitement le m\u00e9diateur du Tourisme et du Voyage :<\/p>\n<ul data-path-to-node=\"17\" style=\"text-align: left;\">\n<li>\n<p data-path-to-node=\"17,0,0\"><b data-path-to-node=\"17,0,0\" data-index-in-node=\"0\">Coordonn\u00e9es<\/b> : MTV M\u00e9diation Tourisme Voyage, BP 80 303, 75 823 Paris Cedex 17.<\/p>\n<\/li>\n<li>\n<p data-path-to-node=\"17,1,0\"><b data-path-to-node=\"17,1,0\" data-index-in-node=\"0\">Site web<\/b> : www.mtv.travel.<\/p>\n<\/li>\n<\/ul>\n<h3 data-path-to-node=\"18\" style=\"text-align: left;\"><strong>7. Financement public<\/strong><\/h3>\n<p data-path-to-node=\"19\" style=\"text-align: left;\">Le projet de r\u00e9novation compl\u00e8te de l&rsquo;h\u00f4tel Apart\u0113 a b\u00e9n\u00e9fici\u00e9 du soutien financier de la <b data-path-to-node=\"19\" data-index-in-node=\"90\">R\u00e9gion Bourgogne-Franche-Comt\u00e9<\/b> \u00e0 hauteur de <b data-path-to-node=\"19\" data-index-in-node=\"134\">180 000 \u20ac<\/b>.<\/p>\n<h3 data-path-to-node=\"18\" style=\"text-align: left;\"><strong>8. Visuels et photographies de pr\u00e9sentation<\/strong><\/h3>\n<p data-path-to-node=\"18\" style=\"text-align: left;\">Dans le cadre de sa phase d&rsquo;ouverture et de r\u00e9novation, l&rsquo;H\u00f4tel Apart\u0113 utilise sur son site internet des visuels \u00e0 caract\u00e8re provisoire.<\/p>\n<p style=\"text-align: left;\">Ces images, destin\u00e9es \u00e0 illustrer le standing et l&rsquo;am\u00e9nagement futur des chambres, ont \u00e9t\u00e9 r\u00e9alis\u00e9es \u00e0 l&rsquo;aide d&rsquo;outils de mod\u00e9lisation et d&rsquo;intelligence artificielle. Elles ont une valeur de suggestion d&rsquo;ambiance et ne sont pas contractuelles.<\/p>\n<p style=\"text-align: left;\">L&rsquo;\u00e9tablissement s&rsquo;engage \u00e0 remplacer ces illustrations par des photographies r\u00e9elles d\u00e8s la finalisation compl\u00e8te des am\u00e9nagements. En cons\u00e9quence, des diff\u00e9rences mineures peuvent exister entre ces visuels de pr\u00e9sentation et la chambre attribu\u00e9e, sans que cela ne puisse constituer un d\u00e9faut de conformit\u00e9, d\u00e8s lors que les prestations essentielles restent garanties.<\/p>\n<p>[\/et_pb_text][\/et_pb_column][\/et_pb_row][\/et_pb_section]<\/p>\n","protected":false},"excerpt":{"rendered":"<p>Mentions L\u00e9gales 1. \u00c9diteur du site Le pr\u00e9sent site, accessible \u00e0 l\u2019URL www.apartehotel.com, est \u00e9dit\u00e9 par : La SARL du Bailly, soci\u00e9t\u00e9 au capital de 2000 \u20ac, inscrite au R.C.S. de Dijon sous le num\u00e9ro 524 509 742. Si\u00e8ge social : 18 rue Jean Moulin, 21300 Chen\u00f4ve. Num\u00e9ro de TVA intracommunautaire : FR88524509742 T\u00e9l\u00e9phone : [&hellip;]<\/p>\n","protected":false},"author":1,"featured_media":0,"parent":0,"menu_order":0,"comment_status":"closed","ping_status":"closed","template":"","meta":{"_et_pb_use_builder":"on","_et_pb_old_content":"","_et_gb_content_width":"","footnotes":""},"class_list":["post-211","page","type-page","status-publish","hentry"],"yoast_head":"<!-- This site is optimized with the Yoast SEO plugin v28.3 - https:\/\/yoast.com\/product\/yoast-seo-wordpress\/ -->\n<title>Mentions L\u00e9gales | Apart\u00e9 | Appart-H\u00f4tel \u00e0 Chen\u00f4ve<\/title>\n<meta name=\"description\" content=\"Consultez les mentions l\u00e9gales de l&#039;appart-h\u00f4tel Apart\u00e9 \u00e0 Chen\u00f4ve. Informations juridiques de la SARL du Bailly.\" \/>\n<meta name=\"robots\" content=\"index, follow, max-snippet:-1, max-image-preview:large, max-video-preview:-1\" \/>\n<link rel=\"canonical\" href=\"https:\/\/apartehotel.com\/en\/mentions-legales\/\" \/>\n<meta property=\"og:locale\" content=\"en_US\" \/>\n<meta property=\"og:type\" content=\"article\" \/>\n<meta property=\"og:title\" content=\"Mentions L\u00e9gales | Apart\u00e9 | Appart-H\u00f4tel \u00e0 Chen\u00f4ve\" \/>\n<meta property=\"og:description\" content=\"Consultez les mentions l\u00e9gales de l&#039;appart-h\u00f4tel Apart\u00e9 \u00e0 Chen\u00f4ve. Informations juridiques de la SARL du Bailly.\" \/>\n<meta property=\"og:url\" content=\"https:\/\/apartehotel.com\/en\/mentions-legales\/\" \/>\n<meta property=\"og:site_name\" content=\"Aparte Hotel\" \/>\n<meta property=\"article:modified_time\" content=\"2026-03-22T16:05:30+00:00\" \/>\n<meta name=\"twitter:card\" content=\"summary_large_image\" \/>\n<script type=\"application\/ld+json\" class=\"yoast-schema-graph\">{\"@context\":\"https:\\\/\\\/schema.org\",\"@graph\":[{\"@type\":\"WebPage\",\"@id\":\"https:\\\/\\\/apartehotel.com\\\/mentions-legales\\\/\",\"url\":\"https:\\\/\\\/apartehotel.com\\\/mentions-legales\\\/\",\"name\":\"Mentions L\u00e9gales | Apart\u00e9 | Appart-H\u00f4tel \u00e0 Chen\u00f4ve\",\"isPartOf\":{\"@id\":\"https:\\\/\\\/apartehotel.com\\\/#website\"},\"datePublished\":\"2026-02-27T20:50:35+00:00\",\"dateModified\":\"2026-03-22T16:05:30+00:00\",\"description\":\"Consultez les mentions l\u00e9gales de l'appart-h\u00f4tel Apart\u00e9 \u00e0 Chen\u00f4ve. Informations juridiques de la SARL du Bailly.\",\"breadcrumb\":{\"@id\":\"https:\\\/\\\/apartehotel.com\\\/mentions-legales\\\/#breadcrumb\"},\"inLanguage\":\"en-US\",\"potentialAction\":[{\"@type\":\"ReadAction\",\"target\":[\"https:\\\/\\\/apartehotel.com\\\/mentions-legales\\\/\"]}]},{\"@type\":\"BreadcrumbList\",\"@id\":\"https:\\\/\\\/apartehotel.com\\\/mentions-legales\\\/#breadcrumb\",\"itemListElement\":[{\"@type\":\"ListItem\",\"position\":1,\"name\":\"Accueil\",\"item\":\"https:\\\/\\\/apartehotel.com\\\/\"},{\"@type\":\"ListItem\",\"position\":2,\"name\":\"Mentions L\u00e9gales\"}]},{\"@type\":\"WebSite\",\"@id\":\"https:\\\/\\\/apartehotel.com\\\/#website\",\"url\":\"https:\\\/\\\/apartehotel.com\\\/\",\"name\":\"Aparte\",\"description\":\"Appart &amp; H\u00f4tel de standing \u00e0 Chen\u00f4ve \u2013 Dijon\",\"publisher\":{\"@id\":\"https:\\\/\\\/apartehotel.com\\\/#organization\"},\"potentialAction\":[{\"@type\":\"SearchAction\",\"target\":{\"@type\":\"EntryPoint\",\"urlTemplate\":\"https:\\\/\\\/apartehotel.com\\\/?s={search_term_string}\"},\"query-input\":{\"@type\":\"PropertyValueSpecification\",\"valueRequired\":true,\"valueName\":\"search_term_string\"}}],\"inLanguage\":\"en-US\"},{\"@type\":\"Organization\",\"@id\":\"https:\\\/\\\/apartehotel.com\\\/#organization\",\"name\":\"Apart\u0113 Appart & H\u00f4tel\",\"url\":\"https:\\\/\\\/apartehotel.com\\\/\",\"logo\":{\"@type\":\"ImageObject\",\"inLanguage\":\"en-US\",\"@id\":\"https:\\\/\\\/apartehotel.com\\\/#\\\/schema\\\/logo\\\/image\\\/\",\"url\":\"http:\\\/\\\/apartehotel.com\\\/wp-content\\\/uploads\\\/2026\\\/02\\\/screenshot.png\",\"contentUrl\":\"http:\\\/\\\/apartehotel.com\\\/wp-content\\\/uploads\\\/2026\\\/02\\\/screenshot.png\",\"width\":600,\"height\":450,\"caption\":\"Apart\u0113 Appart & H\u00f4tel\"},\"image\":{\"@id\":\"https:\\\/\\\/apartehotel.com\\\/#\\\/schema\\\/logo\\\/image\\\/\"}}]}<\/script>\n<!-- \/ Yoast SEO plugin. -->","yoast_head_json":{"title":"Mentions L\u00e9gales | Apart\u00e9 | Appart-H\u00f4tel \u00e0 Chen\u00f4ve","description":"Consultez les mentions l\u00e9gales de l'appart-h\u00f4tel Apart\u00e9 \u00e0 Chen\u00f4ve. Informations juridiques de la SARL du Bailly.","robots":{"index":"index","follow":"follow","max-snippet":"max-snippet:-1","max-image-preview":"max-image-preview:large","max-video-preview":"max-video-preview:-1"},"canonical":"https:\/\/apartehotel.com\/en\/mentions-legales\/","og_locale":"en_US","og_type":"article","og_title":"Mentions L\u00e9gales | Apart\u00e9 | Appart-H\u00f4tel \u00e0 Chen\u00f4ve","og_description":"Consultez les mentions l\u00e9gales de l'appart-h\u00f4tel Apart\u00e9 \u00e0 Chen\u00f4ve. Informations juridiques de la SARL du Bailly.","og_url":"https:\/\/apartehotel.com\/en\/mentions-legales\/","og_site_name":"Aparte Hotel","article_modified_time":"2026-03-22T16:05:30+00:00","twitter_card":"summary_large_image","schema":{"@context":"https:\/\/schema.org","@graph":[{"@type":"WebPage","@id":"https:\/\/apartehotel.com\/mentions-legales\/","url":"https:\/\/apartehotel.com\/mentions-legales\/","name":"Mentions L\u00e9gales | Apart\u00e9 | Appart-H\u00f4tel \u00e0 Chen\u00f4ve","isPartOf":{"@id":"https:\/\/apartehotel.com\/#website"},"datePublished":"2026-02-27T20:50:35+00:00","dateModified":"2026-03-22T16:05:30+00:00","description":"Consultez les mentions l\u00e9gales de l'appart-h\u00f4tel Apart\u00e9 \u00e0 Chen\u00f4ve. Informations juridiques de la SARL du Bailly.","breadcrumb":{"@id":"https:\/\/apartehotel.com\/mentions-legales\/#breadcrumb"},"inLanguage":"en-US","potentialAction":[{"@type":"ReadAction","target":["https:\/\/apartehotel.com\/mentions-legales\/"]}]},{"@type":"BreadcrumbList","@id":"https:\/\/apartehotel.com\/mentions-legales\/#breadcrumb","itemListElement":[{"@type":"ListItem","position":1,"name":"Accueil","item":"https:\/\/apartehotel.com\/"},{"@type":"ListItem","position":2,"name":"Mentions L\u00e9gales"}]},{"@type":"WebSite","@id":"https:\/\/apartehotel.com\/#website","url":"https:\/\/apartehotel.com\/","name":"Aparte","description":"Appart &amp; H\u00f4tel de standing \u00e0 Chen\u00f4ve \u2013 Dijon","publisher":{"@id":"https:\/\/apartehotel.com\/#organization"},"potentialAction":[{"@type":"SearchAction","target":{"@type":"EntryPoint","urlTemplate":"https:\/\/apartehotel.com\/?s={search_term_string}"},"query-input":{"@type":"PropertyValueSpecification","valueRequired":true,"valueName":"search_term_string"}}],"inLanguage":"en-US"},{"@type":"Organization","@id":"https:\/\/apartehotel.com\/#organization","name":"Apart\u0113 Appart & H\u00f4tel","url":"https:\/\/apartehotel.com\/","logo":{"@type":"ImageObject","inLanguage":"en-US","@id":"https:\/\/apartehotel.com\/#\/schema\/logo\/image\/","url":"http:\/\/apartehotel.com\/wp-content\/uploads\/2026\/02\/screenshot.png","contentUrl":"http:\/\/apartehotel.com\/wp-content\/uploads\/2026\/02\/screenshot.png","width":600,"height":450,"caption":"Apart\u0113 Appart & H\u00f4tel"},"image":{"@id":"https:\/\/apartehotel.com\/#\/schema\/logo\/image\/"}}]}},"_links":{"self":[{"href":"https:\/\/apartehotel.com\/en\/wp-json\/wp\/v2\/pages\/211","targetHints":{"allow":["GET"]}}],"collection":[{"href":"https:\/\/apartehotel.com\/en\/wp-json\/wp\/v2\/pages"}],"about":[{"href":"https:\/\/apartehotel.com\/en\/wp-json\/wp\/v2\/types\/page"}],"author":[{"embeddable":true,"href":"https:\/\/apartehotel.com\/en\/wp-json\/wp\/v2\/users\/1"}],"replies":[{"embeddable":true,"href":"https:\/\/apartehotel.com\/en\/wp-json\/wp\/v2\/comments?post=211"}],"version-history":[{"count":4,"href":"https:\/\/apartehotel.com\/en\/wp-json\/wp\/v2\/pages\/211\/revisions"}],"predecessor-version":[{"id":276,"href":"https:\/\/apartehotel.com\/en\/wp-json\/wp\/v2\/pages\/211\/revisions\/276"}],"wp:attachment":[{"href":"https:\/\/apartehotel.com\/en\/wp-json\/wp\/v2\/media?parent=211"}],"curies":[{"name":"wp","href":"https:\/\/api.w.org\/{rel}","templated":true}]}}